{"id":247,"date":"2024-04-21T19:59:13","date_gmt":"2024-04-21T17:59:13","guid":{"rendered":"http:\/\/naszdomopoczno.pl\/?page_id=247"},"modified":"2025-11-12T12:52:04","modified_gmt":"2025-11-12T11:52:04","slug":"wladze-spoldzielni","status":"publish","type":"page","link":"https:\/\/naszdomopoczno.pl\/?page_id=247","title":{"rendered":"ORGANY SP\u00d3\u0141DZIELNI"},"content":{"rendered":"<p><strong>ZARZ\u0104D SP\u00d3\u0141DZIELNI<\/strong><\/p>\n<ul>\n<li><strong>Jerzy Pr\u0119cikowski<\/strong> &#8211;<em> Prezes Zarz\u0105du<\/em><\/li>\n<li><strong>Stanis\u0142aw Palus<\/strong> &#8211; <em>Z-ca Prezesa d\/s Technicznych<\/em><\/li>\n<\/ul>\n<p><strong>RADA NADZORCZA WYBRANA PRZEZ WALNE ZGROMADZENIE W DNIU 21-22 CZERWCA 2023 R. (KADENCJA 2023-2026, PO UKONSTYTUOWANIU SI\u0118)<\/strong><\/p>\n<p><strong>Piotr Gonerka<\/strong> \u2013 Przewodnicz\u0105cy<br \/>\n<strong>Miros\u0142aw Kresi\u0144ski<\/strong> \u2013 Zast\u0119pca Przewodnicz\u0105cego<br \/>\n<strong>W\u0142adys\u0142aw Wd\u00f3wka<\/strong> \u2013 Sekretarz<\/p>\n<p><strong>Cz\u0142onkowie<\/strong><br \/>\n<strong>El\u017cbieta R\u00f3\u017cycka<\/strong><br \/>\n<strong>Zofia Baran<\/strong><br \/>\n<strong>Micha\u0142 Fechner<\/strong><br \/>\n<strong>S\u0142awomir Majsterek<\/strong><strong><br \/>\n<\/strong><\/p>\n<p><strong>KOMISJA REWIZYJNA<\/strong><\/p>\n<p><strong>El\u017cbieta R\u00f3\u017cycka<\/strong> &#8211; Przewodnicz\u0105ca<\/p>\n<p><strong>Micha\u0142 Fechner<\/strong>&#8211; Zast\u0119pca Przewodnicz\u0105cej<\/p>\n<p><strong>Zofia Baran- <\/strong>Cz\u0142onek<\/p>\n","protected":false},"excerpt":{"rendered":"<p>ZARZ\u0104D SP\u00d3\u0141DZIELNI Jerzy Pr\u0119cikowski &#8211; Prezes Zarz\u0105du Stanis\u0142aw Palus &#8211; Z-ca Prezesa d\/s Technicznych RADA NADZORCZA WYBRANA PRZEZ WALNE ZGROMADZENIE W DNIU 21-22 CZERWCA 2023 R. (KADENCJA 2023-2026, PO UKONSTYTUOWANIU SI\u0118) Piotr Gonerka \u2013 Przewodnicz\u0105cy Miros\u0142aw Kresi\u0144ski \u2013 Zast\u0119pca Przewodnicz\u0105cego W\u0142adys\u0142aw Wd\u00f3wka \u2013 Sekretarz Cz\u0142onkowie El\u017cbieta R\u00f3\u017cycka Zofia Baran Micha\u0142 Fechner S\u0142awomir Majsterek KOMISJA REWIZYJNA [&hellip;]<\/p>\n","protected":false},"author":1,"featured_media":0,"parent":245,"menu_order":1,"comment_status":"closed","ping_status":"closed","template":"","meta":{"footnotes":""},"class_list":["post-247","page","type-page","status-publish","hentry"],"yoast_head":"<!-- This site is optimized with the Yoast SEO plugin v25.9 - https:\/\/yoast.com\/wordpress\/plugins\/seo\/ -->\n<title>ORGANY SP\u00d3\u0141DZIELNI - SP\u00d3\u0141DZIELNIA MIESZKANIOWA LOKATORSKO - W\u0141ASNO\u015aCIOWA &quot;NASZ DOM&quot; W OPOCZNIE<\/title>\n<meta name=\"robots\" content=\"index, follow, max-snippet:-1, max-image-preview:large, max-video-preview:-1\" \/>\n<link rel=\"canonical\" href=\"https:\/\/naszdomopoczno.pl\/?page_id=247\" \/>\n<meta property=\"og:locale\" content=\"pl_PL\" \/>\n<meta property=\"og:type\" content=\"article\" \/>\n<meta property=\"og:title\" content=\"ORGANY SP\u00d3\u0141DZIELNI - SP\u00d3\u0141DZIELNIA MIESZKANIOWA LOKATORSKO - W\u0141ASNO\u015aCIOWA &quot;NASZ DOM&quot; W OPOCZNIE\" \/>\n<meta property=\"og:description\" content=\"ZARZ\u0104D SP\u00d3\u0141DZIELNI Jerzy Pr\u0119cikowski &#8211; Prezes Zarz\u0105du Stanis\u0142aw Palus &#8211; Z-ca Prezesa d\/s Technicznych RADA NADZORCZA WYBRANA PRZEZ WALNE ZGROMADZENIE W DNIU 21-22 CZERWCA 2023 R. (KADENCJA 2023-2026, PO UKONSTYTUOWANIU SI\u0118) Piotr Gonerka \u2013 Przewodnicz\u0105cy Miros\u0142aw Kresi\u0144ski \u2013 Zast\u0119pca Przewodnicz\u0105cego W\u0142adys\u0142aw Wd\u00f3wka \u2013 Sekretarz Cz\u0142onkowie El\u017cbieta R\u00f3\u017cycka Zofia Baran Micha\u0142 Fechner S\u0142awomir Majsterek KOMISJA REWIZYJNA [&hellip;]\" \/>\n<meta property=\"og:url\" content=\"https:\/\/naszdomopoczno.pl\/?page_id=247\" \/>\n<meta property=\"og:site_name\" content=\"SP\u00d3\u0141DZIELNIA MIESZKANIOWA LOKATORSKO - W\u0141ASNO\u015aCIOWA &quot;NASZ DOM&quot; W OPOCZNIE\" \/>\n<meta property=\"article:modified_time\" content=\"2025-11-12T11:52:04+00:00\" \/>\n<meta name=\"twitter:card\" content=\"summary_large_image\" \/>\n<meta name=\"twitter:label1\" content=\"Szacowany czas czytania\" \/>\n\t<meta name=\"twitter:data1\" content=\"1 minuta\" \/>\n<script type=\"application\/ld+json\" class=\"yoast-schema-graph\">{\"@context\":\"https:\/\/schema.org\",\"@graph\":[{\"@type\":\"WebPage\",\"@id\":\"https:\/\/naszdomopoczno.pl\/?page_id=247\",\"url\":\"https:\/\/naszdomopoczno.pl\/?page_id=247\",\"name\":\"ORGANY SP\u00d3\u0141DZIELNI - SP\u00d3\u0141DZIELNIA MIESZKANIOWA LOKATORSKO - W\u0141ASNO\u015aCIOWA &quot;NASZ DOM&quot; W OPOCZNIE\",\"isPartOf\":{\"@id\":\"https:\/\/naszdomopoczno.pl\/#website\"},\"datePublished\":\"2024-04-21T17:59:13+00:00\",\"dateModified\":\"2025-11-12T11:52:04+00:00\",\"breadcrumb\":{\"@id\":\"https:\/\/naszdomopoczno.pl\/?page_id=247#breadcrumb\"},\"inLanguage\":\"pl-PL\",\"potentialAction\":[{\"@type\":\"ReadAction\",\"target\":[\"https:\/\/naszdomopoczno.pl\/?page_id=247\"]}]},{\"@type\":\"BreadcrumbList\",\"@id\":\"https:\/\/naszdomopoczno.pl\/?page_id=247#breadcrumb\",\"itemListElement\":[{\"@type\":\"ListItem\",\"position\":1,\"name\":\"Home\",\"item\":\"https:\/\/naszdomopoczno.pl\/\"},{\"@type\":\"ListItem\",\"position\":2,\"name\":\"SP\u00d3\u0141DZIELNIA\",\"item\":\"https:\/\/naszdomopoczno.pl\/?page_id=245\"},{\"@type\":\"ListItem\",\"position\":3,\"name\":\"ORGANY SP\u00d3\u0141DZIELNI\"}]},{\"@type\":\"WebSite\",\"@id\":\"https:\/\/naszdomopoczno.pl\/#website\",\"url\":\"https:\/\/naszdomopoczno.pl\/\",\"name\":\"SP\u00d3\u0141DZIELNIA MIESZKANIOWA LOKATORSKO - W\u0141ASNO\u015aCIOWA &quot;NASZ DOM&quot; W OPOCZNIE\",\"description\":\"\",\"potentialAction\":[{\"@type\":\"SearchAction\",\"target\":{\"@type\":\"EntryPoint\",\"urlTemplate\":\"https:\/\/naszdomopoczno.pl\/?s={search_term_string}\"},\"query-input\":{\"@type\":\"PropertyValueSpecification\",\"valueRequired\":true,\"valueName\":\"search_term_string\"}}],\"inLanguage\":\"pl-PL\"}]}<\/script>\n<!-- \/ Yoast SEO plugin. -->","yoast_head_json":{"title":"ORGANY SP\u00d3\u0141DZIELNI - SP\u00d3\u0141DZIELNIA MIESZKANIOWA LOKATORSKO - W\u0141ASNO\u015aCIOWA &quot;NASZ DOM&quot; W OPOCZNIE","robots":{"index":"index","follow":"follow","max-snippet":"max-snippet:-1","max-image-preview":"max-image-preview:large","max-video-preview":"max-video-preview:-1"},"canonical":"https:\/\/naszdomopoczno.pl\/?page_id=247","og_locale":"pl_PL","og_type":"article","og_title":"ORGANY SP\u00d3\u0141DZIELNI - SP\u00d3\u0141DZIELNIA MIESZKANIOWA LOKATORSKO - W\u0141ASNO\u015aCIOWA &quot;NASZ DOM&quot; W OPOCZNIE","og_description":"ZARZ\u0104D SP\u00d3\u0141DZIELNI Jerzy Pr\u0119cikowski &#8211; Prezes Zarz\u0105du Stanis\u0142aw Palus &#8211; Z-ca Prezesa d\/s Technicznych RADA NADZORCZA WYBRANA PRZEZ WALNE ZGROMADZENIE W DNIU 21-22 CZERWCA 2023 R. (KADENCJA 2023-2026, PO UKONSTYTUOWANIU SI\u0118) Piotr Gonerka \u2013 Przewodnicz\u0105cy Miros\u0142aw Kresi\u0144ski \u2013 Zast\u0119pca Przewodnicz\u0105cego W\u0142adys\u0142aw Wd\u00f3wka \u2013 Sekretarz Cz\u0142onkowie El\u017cbieta R\u00f3\u017cycka Zofia Baran Micha\u0142 Fechner S\u0142awomir Majsterek KOMISJA REWIZYJNA [&hellip;]","og_url":"https:\/\/naszdomopoczno.pl\/?page_id=247","og_site_name":"SP\u00d3\u0141DZIELNIA MIESZKANIOWA LOKATORSKO - W\u0141ASNO\u015aCIOWA &quot;NASZ DOM&quot; W OPOCZNIE","article_modified_time":"2025-11-12T11:52:04+00:00","twitter_card":"summary_large_image","twitter_misc":{"Szacowany czas czytania":"1 minuta"},"schema":{"@context":"https:\/\/schema.org","@graph":[{"@type":"WebPage","@id":"https:\/\/naszdomopoczno.pl\/?page_id=247","url":"https:\/\/naszdomopoczno.pl\/?page_id=247","name":"ORGANY SP\u00d3\u0141DZIELNI - SP\u00d3\u0141DZIELNIA MIESZKANIOWA LOKATORSKO - W\u0141ASNO\u015aCIOWA &quot;NASZ DOM&quot; W OPOCZNIE","isPartOf":{"@id":"https:\/\/naszdomopoczno.pl\/#website"},"datePublished":"2024-04-21T17:59:13+00:00","dateModified":"2025-11-12T11:52:04+00:00","breadcrumb":{"@id":"https:\/\/naszdomopoczno.pl\/?page_id=247#breadcrumb"},"inLanguage":"pl-PL","potentialAction":[{"@type":"ReadAction","target":["https:\/\/naszdomopoczno.pl\/?page_id=247"]}]},{"@type":"BreadcrumbList","@id":"https:\/\/naszdomopoczno.pl\/?page_id=247#breadcrumb","itemListElement":[{"@type":"ListItem","position":1,"name":"Home","item":"https:\/\/naszdomopoczno.pl\/"},{"@type":"ListItem","position":2,"name":"SP\u00d3\u0141DZIELNIA","item":"https:\/\/naszdomopoczno.pl\/?page_id=245"},{"@type":"ListItem","position":3,"name":"ORGANY SP\u00d3\u0141DZIELNI"}]},{"@type":"WebSite","@id":"https:\/\/naszdomopoczno.pl\/#website","url":"https:\/\/naszdomopoczno.pl\/","name":"SP\u00d3\u0141DZIELNIA MIESZKANIOWA LOKATORSKO - W\u0141ASNO\u015aCIOWA &quot;NASZ DOM&quot; W OPOCZNIE","description":"","potentialAction":[{"@type":"SearchAction","target":{"@type":"EntryPoint","urlTemplate":"https:\/\/naszdomopoczno.pl\/?s={search_term_string}"},"query-input":{"@type":"PropertyValueSpecification","valueRequired":true,"valueName":"search_term_string"}}],"inLanguage":"pl-PL"}]}},"_links":{"self":[{"href":"https:\/\/naszdomopoczno.pl\/index.php?rest_route=\/wp\/v2\/pages\/247","targetHints":{"allow":["GET"]}}],"collection":[{"href":"https:\/\/naszdomopoczno.pl\/index.php?rest_route=\/wp\/v2\/pages"}],"about":[{"href":"https:\/\/naszdomopoczno.pl\/index.php?rest_route=\/wp\/v2\/types\/page"}],"author":[{"embeddable":true,"href":"https:\/\/naszdomopoczno.pl\/index.php?rest_route=\/wp\/v2\/users\/1"}],"replies":[{"embeddable":true,"href":"https:\/\/naszdomopoczno.pl\/index.php?rest_route=%2Fwp%2Fv2%2Fcomments&post=247"}],"version-history":[{"count":11,"href":"https:\/\/naszdomopoczno.pl\/index.php?rest_route=\/wp\/v2\/pages\/247\/revisions"}],"predecessor-version":[{"id":791,"href":"https:\/\/naszdomopoczno.pl\/index.php?rest_route=\/wp\/v2\/pages\/247\/revisions\/791"}],"up":[{"embeddable":true,"href":"https:\/\/naszdomopoczno.pl\/index.php?rest_route=\/wp\/v2\/pages\/245"}],"wp:attachment":[{"href":"https:\/\/naszdomopoczno.pl\/index.php?rest_route=%2Fwp%2Fv2%2Fmedia&parent=247"}],"curies":[{"name":"wp","href":"https:\/\/api.w.org\/{rel}","templated":true}]}}